{"id":5600,"date":"2018-02-25T00:27:00","date_gmt":"2018-02-24T22:27:00","guid":{"rendered":"https:\/\/www.greenforest.ro\/old\/?page_id=5600"},"modified":"2022-01-23T17:06:19","modified_gmt":"2022-01-23T15:06:19","slug":"greenforest-solutions","status":"publish","type":"page","link":"https:\/\/www.greenforest.ro\/old\/en\/greenforest-solutions\/","title":{"rendered":"GreenForest Solutions"},"content":{"rendered":"<p><span style=\"font-size: 18px;\">[vc_row][vc_column]<div id=\"ultimate-heading-269769f17dc164d87\" class=\"uvc-heading ult-adjust-bottom-margin ultimate-heading-269769f17dc164d87 uvc-4400 \" data-hspacer=\"line_only\"  data-halign=\"left\" style=\"text-align:left\"><div class=\"uvc-main-heading ult-responsive\"  data-ultimate-target='.uvc-heading.ultimate-heading-269769f17dc164d87 h2'  data-responsive-json-new='{\"font-size\":\"\",\"line-height\":\"\"}' ><h2 style=\"font-weight:normal;\">Colec\u021bia Quadro<\/h2><\/div><div class=\"uvc-heading-spacer line_only\" style=\"margin-top:10px;margin-bottom:15px;height:1px;\"><span class=\"uvc-headings-line\" style=\"border-style:solid;border-bottom-width:1px;border-color:#ccc;width:autopx;\"><\/span><\/div><\/div>[vc_row_inner][vc_column_inner][vc_images_carousel images=&#8221;5008,5009&#8243; img_size=&#8221;full&#8221; speed=&#8221;6000&#8243; autoplay=&#8221;yes&#8221; wrap=&#8221;yes&#8221;][\/vc_column_inner][\/vc_row_inner][\/vc_column][\/vc_row][vc_row][vc_column][vc_column_text]<\/span><br \/>\n<span style=\"font-size: 18px;\"><a href=\"https:\/\/www.greenforest.ro\/old\/mobilier-birou-quadro\/\">Colec\u021bia Quadro raspunde nevoilor unui post de lucru actual<\/a> fiind caracterizat\u0103 printr-un raport optim \u00eentre func\u021bionalitate \u0219i resursele \u00eenglobate. Birourile individuale \u0219i posturile de lucru tip share desk sunt solu\u021bii potrivite at\u00e2t pentru mobilarea unor spa\u021bii de birouri de dimensiuni reduse, inclusiv \u201chome office\u201d, c\u00e2t si pentru amenajarea unor spa\u021bii ample de tip \u201copen space\u201d. Design-ul minimalist, calitatea, eficien\u021ba folosirii resurselor \u0219i func\u021bionalitatea sunt principiile de sustenabilitate care au stat la baza dezvolt\u0103rii colec\u021biei Quadro.<\/span><\/p>\n<p><span style=\"font-size: 18px;\">[\/vc_column_text][\/vc_column][\/vc_row][vc_row][vc_column]<div id=\"ultimate-heading-214469f17dc164db1\" class=\"uvc-heading ult-adjust-bottom-margin ultimate-heading-214469f17dc164db1 uvc-5297 \" data-hspacer=\"line_only\"  data-halign=\"left\" style=\"text-align:left\"><div class=\"uvc-main-heading ult-responsive\"  data-ultimate-target='.uvc-heading.ultimate-heading-214469f17dc164db1 h2'  data-responsive-json-new='{\"font-size\":\"\",\"line-height\":\"\"}' ><h2 style=\"font-weight:normal;\">Colec\u021bia Movi<\/h2><\/div><div class=\"uvc-heading-spacer line_only\" style=\"margin-top:10px;margin-bottom:15px;height:1px;\"><span class=\"uvc-headings-line\" style=\"border-style:solid;border-bottom-width:1px;border-color:#ccc;width:autopx;\"><\/span><\/div><\/div>[vc_row_inner][vc_column_inner][vc_images_carousel images=&#8221;5004,5003,5002,5001,5000,4999&#8243; img_size=&#8221;full&#8221; speed=&#8221;6000&#8243; autoplay=&#8221;yes&#8221; wrap=&#8221;yes&#8221;][\/vc_column_inner][\/vc_row_inner][\/vc_column][\/vc_row][vc_row][vc_column][vc_column_text]<\/span><br \/>\n<span style=\"font-size: 18px;\"><a href=\"https:\/\/www.greenforest.ro\/old\/mobilier-movi\/\">Movi, dezvoltat de GreenForest<\/a>, este un program de mobilier pentru birou reglabil pe \u00een\u0103l\u0163ime de tip sit-sit. Pentru o pozi\u0163ie s\u0103n\u0103toas\u0103 la birou, cu spor la lucru, ajustarea \u00een\u0103l\u0163imii biroului este hot\u0103r\u00e2toare. Chiar dac\u0103 avem un scaun cu ergonomie foarte bun\u0103, \u00een momentul \u00een care \u00een\u0103l\u0163imea blatului de lucru nu este potrivit\u0103, postura de lucru este inadecvat\u0103. Pentru mai multe detalii vezi \u015fi articolul: <a href=\"https:\/\/www.greenforest.ro\/old\/movi-greenforest-experienta-adaptarii\/\">MOVI by GreenForest \u2013 experien\u0163a adapt\u0103rii postului de lucru<\/a>.<\/span><br \/>\n<span style=\"font-size: 18px;\">MOVI este de asemenea biroul care se adapteaz\u0103 stilului \u015fi st\u0103rii personale prin varietatea cromatic\u0103 oferit\u0103, pentru mai multe detalii vezi \u015fi articolul: <a href=\"https:\/\/www.greenforest.ro\/old\/movi-greenforest\/\">MOVI by GreenForest \u2013 creeaz\u0103 si adapteaz\u0103 starea<\/a>.<\/span><\/p>\n<p><span style=\"font-size: 18px;\">[\/vc_column_text][\/vc_column][\/vc_row][vc_row][vc_column]<div id=\"ultimate-heading-396969f17dc164dd0\" class=\"uvc-heading ult-adjust-bottom-margin ultimate-heading-396969f17dc164dd0 uvc-6614 \" data-hspacer=\"line_only\"  data-halign=\"left\" style=\"text-align:left\"><div class=\"uvc-main-heading ult-responsive\"  data-ultimate-target='.uvc-heading.ultimate-heading-396969f17dc164dd0 h2'  data-responsive-json-new='{\"font-size\":\"\",\"line-height\":\"\"}' ><h2 style=\"font-weight:normal;\">Colec\u021bia ErgoPlus<\/h2><\/div><div class=\"uvc-heading-spacer line_only\" style=\"margin-top:10px;margin-bottom:15px;height:1px;\"><span class=\"uvc-headings-line\" style=\"border-style:solid;border-bottom-width:1px;border-color:#ccc;width:autopx;\"><\/span><\/div><\/div>[vc_row_inner][vc_column_inner][vc_images_carousel images=&#8221;4984,4985,4987,4988,4990,4993,4995&#8243; img_size=&#8221;full&#8221; speed=&#8221;3000&#8243; autoplay=&#8221;yes&#8221; wrap=&#8221;yes&#8221;][\/vc_column_inner][\/vc_row_inner][\/vc_column][\/vc_row][vc_row][vc_column][vc_column_text]<\/span><\/p>\n<p><span style=\"font-size: 18px;\"><a href=\"https:\/\/www.greenforest.ro\/old\/mobilier-ergoplus\/\"><b>ErgoPlus<\/b> este un program de mobilier de birou<\/a> dezvoltat de GreenForest cu prec\u0103dere pentru spa\u021biile largi de tip &#8220;open space&#8221;. La ErgoPlus, accentele sunt puse pe func\u021bionalitate, design \u0219i diverse solu\u021bii pentru asigurarea intimit\u0103\u021bii \u0219i \u00eembun\u0103t\u0103\u021birea acusticii la nivelul postului de lucru. ErgoPlus este de asemenea o op\u021biune potrivit\u0103 pentru amenajarea cu mobilier a posturilor de lucru de tip mobil &#8211; rotativ &#8211; shared workspace.<\/span><br \/>\n<span style=\"font-size: 18px;\">Programul de mobilier <b>ErgoPlus <\/b> ofer\u0103 o palet\u0103 foarte larg\u0103 de posturi de lucru pentru birouri. Astfel, se reg\u0103sesc \u00een aceast\u0103 colec\u0163ie birouri individuale simple sau cu extensie retur ori banchet\u0103, posturi de lucru grupate de dou\u0103, trei p\u00e2n\u0103 la patru persoane \u015fi posturi de lucru grupate cu corpuri de depozitare sau banchete integrate.<\/span><\/p>\n<p><span style=\"font-size: 18px;\">[\/vc_column_text][\/vc_column][\/vc_row][vc_row][vc_column]<div id=\"ultimate-heading-10469f17dc164dec\" class=\"uvc-heading ult-adjust-bottom-margin ultimate-heading-10469f17dc164dec uvc-5008 \" data-hspacer=\"line_only\"  data-halign=\"left\" style=\"text-align:left\"><div class=\"uvc-main-heading ult-responsive\"  data-ultimate-target='.uvc-heading.ultimate-heading-10469f17dc164dec h2'  data-responsive-json-new='{\"font-size\":\"\",\"line-height\":\"\"}' ><h2 style=\"font-weight:normal;\">Colec\u021bia ErgoGreen<\/h2><\/div><div class=\"uvc-heading-spacer line_only\" style=\"margin-top:10px;margin-bottom:15px;height:1px;\"><span class=\"uvc-headings-line\" style=\"border-style:solid;border-bottom-width:1px;border-color:#ccc;width:autopx;\"><\/span><\/div><\/div>[vc_row_inner][vc_column_inner][vc_images_carousel images=&#8221;5017,5018,5019,5020&#8243; img_size=&#8221;full&#8221; speed=&#8221;3000&#8243; autoplay=&#8221;yes&#8221; wrap=&#8221;yes&#8221;][\/vc_column_inner][\/vc_row_inner][\/vc_column][\/vc_row][vc_row][vc_column][vc_column_text]<\/span><\/p>\n<p><span style=\"font-size: 18px;\"><a href=\"https:\/\/www.greenforest.ro\/old\/mobilier-birou-ergogreen\/\">Programul ErgoGreen a fost dezvoltat urm\u0103rind principii eco-design<\/a> \u00een cadrul programului \u201cDanube-PIE- Product Innovation through Eco-design in the Danube region\u201d, reg\u0103sindu-se astfel preocuparea GreenForest pentru dezvoltare durabil\u0103 prin protejarea, sus\u0163inerea \u015fi \u00eembun\u0103t\u0103\u0163irea capitalului uman, natural \u015fi financiar pentru viitor.<\/span><br \/>\n<span style=\"font-size: 18px;\">Structura metalic\u0103 reglabil\u0103 \u00een \u00een\u0103l\u021bime pentru masa de lucru, a\u0219a cum este cea din programului ErgoGreen, reprezint\u0103 un element esen\u021bial pentru asigurarea unui post de lucru, mas\u0103 plus scaun, care s\u0103 r\u0103spund\u0103 complet principiilor ergonomice.<\/span><\/p>\n<p><span style=\"font-size: 18px;\">[\/vc_column_text][\/vc_column][\/vc_row][vc_row][vc_column]<div id=\"ultimate-heading-879669f17dc164e08\" class=\"uvc-heading ult-adjust-bottom-margin ultimate-heading-879669f17dc164e08 uvc-527 \" data-hspacer=\"line_only\"  data-halign=\"left\" style=\"text-align:left\"><div class=\"uvc-main-heading ult-responsive\"  data-ultimate-target='.uvc-heading.ultimate-heading-879669f17dc164e08 h2'  data-responsive-json-new='{\"font-size\":\"\",\"line-height\":\"\"}' ><h2 style=\"font-weight:normal;\">Colec\u021bia Ergo<\/h2><\/div><div class=\"uvc-heading-spacer line_only\" style=\"margin-top:10px;margin-bottom:15px;height:1px;\"><span class=\"uvc-headings-line\" style=\"border-style:solid;border-bottom-width:1px;border-color:#ccc;width:autopx;\"><\/span><\/div><\/div>[vc_row_inner][vc_column_inner][vc_images_carousel images=&#8221;5026,5028,5030,5033,5036,5038&#8243; img_size=&#8221;full&#8221; speed=&#8221;3000&#8243; autoplay=&#8221;yes&#8221; wrap=&#8221;yes&#8221;][\/vc_column_inner][\/vc_row_inner][\/vc_column][\/vc_row][vc_row][vc_column][vc_column_text]<\/span><\/p>\n<p><span style=\"font-size: 18px;\"><a href=\"https:\/\/www.greenforest.ro\/old\/mobilier-ergo\/\">Programul <strong>Ergo <\/strong>este flexibil \u0219i creativ<\/a>, permi\u021b\u00e2nd multiple op\u021biuni de permutare \u0219i \u00eembinare \u00eentre diversele sale componente. Prin toate aceste calit\u0103\u021bi, se preteaz\u0103 ideal la amenajarea spa\u021biilor mari, deschise, \u0219i ofer\u0103 un cadru adecvat muncii \u00een echip\u0103.<\/span><br \/>\n<span style=\"font-size: 18px;\">Principiile ergonomice sunt urm\u0103rite cu consecven\u021b\u0103. Expresia lor cea mai clar\u0103 apare \u00een op\u021biunea \u00eenlocuirii picioarelor obi\u0219nuite cu cele metalice. Adoptarea acestei solu\u021bii permite reglarea \u00een\u0103l\u021bimii biroului, amplific\u0103 impresia de spa\u021bialitate \u00een orice incint\u0103 \u0219i ofer\u0103 utilizatorului mai mult\u0103 libertate de mi\u0219care.<\/span><\/p>\n<p><span style=\"font-size: 18px;\">[\/vc_column_text][\/vc_column][\/vc_row][vc_row][vc_column]<div id=\"ultimate-heading-485169f17dc164e22\" class=\"uvc-heading ult-adjust-bottom-margin ultimate-heading-485169f17dc164e22 uvc-717 \" data-hspacer=\"line_only\"  data-halign=\"left\" style=\"text-align:left\"><div class=\"uvc-main-heading ult-responsive\"  data-ultimate-target='.uvc-heading.ultimate-heading-485169f17dc164e22 h2'  data-responsive-json-new='{\"font-size\":\"\",\"line-height\":\"\"}' ><h2 style=\"font-weight:normal;\">Colec\u021bia WoodLine<\/h2><\/div><div class=\"uvc-heading-spacer line_only\" style=\"margin-top:10px;margin-bottom:15px;height:1px;\"><span class=\"uvc-headings-line\" style=\"border-style:solid;border-bottom-width:1px;border-color:#ccc;width:autopx;\"><\/span><\/div><\/div>[vc_row_inner][vc_column_inner][vc_images_carousel images=&#8221;5043,5044,5045,5046&#8243; img_size=&#8221;full&#8221; speed=&#8221;3000&#8243; autoplay=&#8221;yes&#8221; wrap=&#8221;yes&#8221;][\/vc_column_inner][\/vc_row_inner][\/vc_column][\/vc_row][vc_row][vc_column][vc_column_text]<\/span><\/p>\n<p><span style=\"font-size: 18px;\"><a href=\"https:\/\/www.greenforest.ro\/old\/mobilier-birou-woodline\/\"><strong>WoodLine <\/strong>este o colec\u021bie<\/a> caracterizata prin design-ul deosebit oferit de lemnul masiv din structura birourilor. Astfel, birourile individuale sunt o op\u021biune potrivit\u0103 \u0219i pentru amenajarea spa\u021biilor pentru pozi\u021bii executive iar op\u021biunea de posturi de lucru tip sharedesk poate fi folosit\u0103 la amenajarea spa\u021biilor deschise \u2013 open space cu caracter special.<\/span><br \/>\n<span style=\"font-size: 18px;\">Noble\u021bea lemnului \u0219i forma structurii ofer\u0103 o not\u0103 arhitectural\u0103 aparte spa\u021biilor amenajate cu colec\u021bia WoodLine.<\/span><\/p>\n<p><span style=\"font-size: 18px;\">[\/vc_column_text][\/vc_column][\/vc_row][vc_row][vc_column]<div id=\"ultimate-heading-737869f17dc164e3c\" class=\"uvc-heading ult-adjust-bottom-margin ultimate-heading-737869f17dc164e3c uvc-1306 \" data-hspacer=\"line_only\"  data-halign=\"left\" style=\"text-align:left\"><div class=\"uvc-main-heading ult-responsive\"  data-ultimate-target='.uvc-heading.ultimate-heading-737869f17dc164e3c h2'  data-responsive-json-new='{\"font-size\":\"\",\"line-height\":\"\"}' ><h2 style=\"font-weight:normal;\">Colec\u021bia Top<\/h2><\/div><div class=\"uvc-heading-spacer line_only\" style=\"margin-top:10px;margin-bottom:15px;height:1px;\"><span class=\"uvc-headings-line\" style=\"border-style:solid;border-bottom-width:1px;border-color:#ccc;width:autopx;\"><\/span><\/div><\/div>[vc_row_inner][vc_column_inner][vc_images_carousel images=&#8221;5047,5048,5049,5050,5051&#8243; img_size=&#8221;full&#8221; speed=&#8221;3000&#8243; autoplay=&#8221;yes&#8221; wrap=&#8221;yes&#8221;][\/vc_column_inner][\/vc_row_inner][\/vc_column][\/vc_row][vc_row][vc_column][vc_column_text]<\/span><\/p>\n<p><span style=\"font-size: 18px;\"><a href=\"https:\/\/www.greenforest.ro\/old\/mobilier-top\/\"><b>Programul de mobilier directorial Top<\/b><\/a>\u00a0dezvoltat de GreenForest are ca elemente specifice finsajul de furnir realizat \u00een propria unitate de produc\u0163ie \u015fi structura metalic\u0103 aluminiu polish, marca Wagner, structur\u0103 care a ob\u0163inut premiul interna\u0163ional de design Red Dot.<\/span><br \/>\n<span style=\"font-size: 18px;\"><b>Furnirul<\/b>\u00a0suprafe\u0163ei de lucru sigur\u0103 \u015fi o experien\u0163\u0103 senzorial\u0103 pl\u0103cut\u0103 determinat\u0103 de contactul cu suprafa\u0163a unui material natural, respectiv lemn.<\/span><\/p>\n<p><span style=\"font-size: 18px;\">[\/vc_column_text][\/vc_column][\/vc_row][vc_row][vc_column]<div id=\"ultimate-heading-269069f17dc164e56\" class=\"uvc-heading ult-adjust-bottom-margin ultimate-heading-269069f17dc164e56 uvc-8877 \" data-hspacer=\"line_only\"  data-halign=\"left\" style=\"text-align:left\"><div class=\"uvc-main-heading ult-responsive\"  data-ultimate-target='.uvc-heading.ultimate-heading-269069f17dc164e56 h2'  data-responsive-json-new='{\"font-size\":\"\",\"line-height\":\"\"}' ><h2 style=\"font-weight:normal;\">Colec\u021bia Inno<\/h2><\/div><div class=\"uvc-heading-spacer line_only\" style=\"margin-top:10px;margin-bottom:15px;height:1px;\"><span class=\"uvc-headings-line\" style=\"border-style:solid;border-bottom-width:1px;border-color:#ccc;width:autopx;\"><\/span><\/div><\/div>[vc_row_inner][vc_column_inner][vc_images_carousel images=&#8221;5052,5054,5055,5056,5057,5060,5061&#8243; img_size=&#8221;full&#8221; speed=&#8221;3000&#8243; autoplay=&#8221;yes&#8221; wrap=&#8221;yes&#8221;][\/vc_column_inner][\/vc_row_inner][\/vc_column][\/vc_row][vc_row][vc_column][vc_column_text]<\/span><\/p>\n<p><span style=\"font-size: 18px;\"><a href=\"https:\/\/www.greenforest.ro\/old\/mobilier-inno\/\">Inno este un program de mobilier directorial<\/a> cu un design contemporan minimalist, caracterizat prin linii drepte \u0219i forme simple. Programul se eviden\u021biaz\u0103 prin design, materiale \u0219i tehnologie, elementele distinctive fiind rezultate din combina\u021bia dintre pl\u0103cile aglomerate de lemn, inox \u0219i sticl\u0103 sablat\u0103.<\/span><br \/>\n<span style=\"font-size: 18px;\">Solu\u021biile pentru depozitare oferite de programul Inno sunt variate, \u00eencep\u00e2nd de la biblioteca cu spa\u021biu de expunere flexibil, comodele care pot avea \u0219i func\u021bia de \u00eencorporare a unui minibar \u0219i a unui seif, p\u00e2n\u0103 la corpurile modulare cu u\u0219i de PAL sau sticl\u0103.<\/span><br \/>\n<span style=\"font-size: 18px;\">Facilitatea \u00eent\u00e2lnirilor, prezent\u0103rilor sau a muncii \u00een echip\u0103 este asigurat\u0103 prin diversitatea meselor de discu\u021bii \u0219i \u00eent\u00e2lniri, pentru 4, 8, 12, 18 persoane. Mesele de discu\u021bii sunt concepute pentru a putea fi folosite ca peninsul\u0103 a biroului la discu\u021biile purtate \u00een jurul mesei de lucru sau pentru a fi pozi\u021bionate independent, cre\u00e2nd astfel o atmosfer\u0103 pl\u0103cut\u0103 \u0219i relaxat\u0103.<\/span><\/p>\n<p><span style=\"font-size: 18px;\">[\/vc_column_text][\/vc_column][\/vc_row][vc_row][vc_column]<div id=\"ultimate-heading-40069f17dc164e94\" class=\"uvc-heading ult-adjust-bottom-margin ultimate-heading-40069f17dc164e94 uvc-3816 \" data-hspacer=\"line_only\"  data-halign=\"left\" style=\"text-align:left\"><div class=\"uvc-main-heading ult-responsive\"  data-ultimate-target='.uvc-heading.ultimate-heading-40069f17dc164e94 h2'  data-responsive-json-new='{\"font-size\":\"\",\"line-height\":\"\"}' ><h2 style=\"font-weight:normal;\">Colec\u021bia Elite<\/h2><\/div><div class=\"uvc-heading-spacer line_only\" style=\"margin-top:10px;margin-bottom:15px;height:1px;\"><span class=\"uvc-headings-line\" style=\"border-style:solid;border-bottom-width:1px;border-color:#ccc;width:autopx;\"><\/span><\/div><\/div>[vc_row_inner][vc_column_inner][vc_images_carousel images=&#8221;5063,5064,5065,5066,5067&#8243; img_size=&#8221;full&#8221; speed=&#8221;3000&#8243; autoplay=&#8221;yes&#8221; wrap=&#8221;yes&#8221;][\/vc_column_inner][\/vc_row_inner][\/vc_column][\/vc_row][vc_row][vc_column][vc_column_text]<\/span><\/p>\n<p><span style=\"font-size: 18px;\"><b>Programul Elite<\/b>, component\u0103 a gamei de mobilier directorial GreenForest, este o excelent\u0103 alegere pentru cei care apreciaz\u0103 designul modern, calitatea materialelor \u015fi tehnologia de v\u00e2rf. Prin <a href=\"https:\/\/www.greenforest.ro\/old\/mobilier-elite\/\">birouri, mese de discu\u0163ii, mese de consiliu \u015fi biblioteci, programul Elite<\/a> se adapteaz\u0103 oric\u0103rui spa\u0163iu de tip directorial.<\/span><br \/>\n<span style=\"font-size: 18px;\"><b>Combina\u0163ia modern\u0103<\/b>\u00a0\u00eentre lemn, aluminiu \u015fi sticla Krizette, finisajul impecabil, designul special al picioarelor \u015fi accesoriile de calitate confer\u0103 programului Elite o elegan\u0163\u0103 aparte \u015fi o senza\u0163ie amplificat\u0103 de spa\u0163ialitate.<\/span><\/p>\n<p><span style=\"font-size: 18px;\">[\/vc_column_text][\/vc_column][\/vc_row][vc_row][vc_column]<div id=\"ultimate-heading-152069f17dc164eb0\" class=\"uvc-heading ult-adjust-bottom-margin ultimate-heading-152069f17dc164eb0 uvc-7979 \" data-hspacer=\"line_only\"  data-halign=\"left\" style=\"text-align:left\"><div class=\"uvc-main-heading ult-responsive\"  data-ultimate-target='.uvc-heading.ultimate-heading-152069f17dc164eb0 h2'  data-responsive-json-new='{\"font-size\":\"\",\"line-height\":\"\"}' ><h2 style=\"font-weight:normal;\">Colec\u021bia Work<\/h2><\/div><div class=\"uvc-heading-spacer line_only\" style=\"margin-top:10px;margin-bottom:15px;height:1px;\"><span class=\"uvc-headings-line\" style=\"border-style:solid;border-bottom-width:1px;border-color:#ccc;width:autopx;\"><\/span><\/div><\/div>[vc_row_inner][vc_column_inner][vc_images_carousel images=&#8221;5379,5380&#8243; img_size=&#8221;full&#8221; speed=&#8221;3000&#8243; autoplay=&#8221;yes&#8221; wrap=&#8221;yes&#8221;][\/vc_column_inner][\/vc_row_inner][\/vc_column][\/vc_row][vc_row][vc_column][vc_column_text]<\/span><\/p>\n<p><span style=\"font-size: 18px;\">Design elegant \u0219i actual pentru o linie clasic\u0103 de mobilier de birou. Inser\u021bia cu o mare diversitate de culori din MDF vopsit diferen\u021biaz\u0103 \u0219i actualizeaz\u0103 forma care urm\u0103re\u0219te func\u021bia.<\/span><br \/>\n<span style=\"font-size: 18px;\"><a href=\"https:\/\/www.greenforest.ro\/old\/mobilier-work-2\/\">Birourile individuale \u0219i sharedesk ale colec\u021biei Work<\/a> acoper\u0103 \u00eentreaga palet\u0103 de utilizare a birourilor, de la spa\u021bii individuale, inclusiv home office, birouri deschise p\u00e2n\u0103 la spa\u021bii executive care urm\u0103resc eficien\u021ba.[\/vc_column_text][\/vc_column][\/vc_row]<\/span><\/p>\n<p><span style=\"font-size: 18px;\">[vc_row][vc_column]<div id=\"ultimate-heading-683769f17dc164ece\" class=\"uvc-heading ult-adjust-bottom-margin ultimate-heading-683769f17dc164ece uvc-66 \" data-hspacer=\"line_only\"  data-halign=\"left\" style=\"text-align:left\"><div class=\"uvc-main-heading ult-responsive\"  data-ultimate-target='.uvc-heading.ultimate-heading-683769f17dc164ece h2'  data-responsive-json-new='{\"font-size\":\"\",\"line-height\":\"\"}' ><h2 style=\"font-weight:normal;\">Colec\u021bia SitStand KDI<\/h2><\/div><div class=\"uvc-heading-spacer line_only\" style=\"margin-top:10px;margin-bottom:15px;height:1px;\"><span class=\"uvc-headings-line\" style=\"border-style:solid;border-bottom-width:1px;border-color:#ccc;width:autopx;\"><\/span><\/div><\/div>[vc_row_inner][vc_column_inner][vc_images_carousel images=&#8221;8433,8434,8432&#8243; img_size=&#8221;full&#8221; speed=&#8221;3000&#8243; autoplay=&#8221;yes&#8221; wrap=&#8221;yes&#8221;][\/vc_column_inner][\/vc_row_inner][\/vc_column][\/vc_row][vc_row][vc_column][vc_column_text][vc_row][vc_column width=&#8221;1\/1&#8243;][vc_column_text]<\/span>[\/vc_column_text][\/vc_column][\/vc_row]<\/p>\n<p>&nbsp;<\/p>\n","protected":false},"excerpt":{"rendered":"<p>[vc_row][vc_column][vc_row_inner][vc_column_inner][vc_images_carousel images=&#8221;5008,5009&#8243; img_size=&#8221;full&#8221; speed=&#8221;6000&#8243; autoplay=&#8221;yes&#8221; wrap=&#8221;yes&#8221;][\/vc_column_inner][\/vc_row_inner][\/vc_column][\/vc_row][vc_row][vc_column][vc_column_text] Colec\u021bia Quadro raspunde nevoilor unui post de lucru actual fiind caracterizat\u0103 printr-un raport optim \u00eentre func\u021bionalitate \u0219i resursele \u00eenglobate. Birourile individuale \u0219i posturile de lucru tip share desk sunt solu\u021bii potrivite at\u00e2t pentru mobilarea unor spa\u021bii de birouri de dimensiuni reduse, inclusiv \u201chome office\u201d, c\u00e2t si pentru amenajarea unor [&hellip;]<\/p>\n","protected":false},"author":1,"featured_media":0,"parent":0,"menu_order":0,"comment_status":"closed","ping_status":"closed","template":"","meta":{"footnotes":""},"acf":[],"yoast_head":"<!-- This site is optimized with the Yoast SEO plugin v21.6 - https:\/\/yoast.com\/wordpress\/plugins\/seo\/ -->\n<title>GreenForest Solutions - mobilier birou, amenajari, compartimentari<\/title>\n<meta name=\"description\" content=\"GreenForest Solutions - GreenForest - mobilier de birou, scaune birou, compartimentari, pardoseli, professional furniture and fit out\" \/>\n<meta name=\"robots\" content=\"index, follow, max-snippet:-1, max-image-preview:large, max-video-preview:-1\" \/>\n<link rel=\"canonical\" href=\"https:\/\/www.greenforest.ro\/old\/greenforest-solutions\/\" \/>\n<meta name=\"twitter:card\" content=\"summary_large_image\" \/>\n<meta name=\"twitter:title\" content=\"GreenForest Solutions - mobilier birou, amenajari, compartimentari\" \/>\n<meta name=\"twitter:description\" content=\"GreenForest Solutions - GreenForest - mobilier de birou, scaune birou, compartimentari, pardoseli, professional furniture and fit out\" \/>\n<meta name=\"twitter:label1\" content=\"Timp estimat pentru citire\" \/>\n\t<meta name=\"twitter:data1\" content=\"9 minute\" \/>\n<!-- \/ Yoast SEO plugin. -->","yoast_head_json":{"title":"GreenForest Solutions - mobilier birou, amenajari, compartimentari","description":"GreenForest Solutions - GreenForest - mobilier de birou, scaune birou, compartimentari, pardoseli, professional furniture and fit out","robots":{"index":"index","follow":"follow","max-snippet":"max-snippet:-1","max-image-preview":"max-image-preview:large","max-video-preview":"max-video-preview:-1"},"canonical":"https:\/\/www.greenforest.ro\/old\/greenforest-solutions\/","twitter_card":"summary_large_image","twitter_title":"GreenForest Solutions - mobilier birou, amenajari, compartimentari","twitter_description":"GreenForest Solutions - GreenForest - mobilier de birou, scaune birou, compartimentari, pardoseli, professional furniture and fit out","twitter_misc":{"Timp estimat pentru citire":"9 minute"},"schema":{"@context":"https:\/\/schema.org","@graph":[{"@type":"WebPage","@id":"https:\/\/www.greenforest.ro\/old\/en\/greenforest-solutions\/","url":"https:\/\/www.greenforest.ro\/old\/en\/greenforest-solutions\/","name":"GreenForest Solutions - mobilier birou, amenajari, compartimentari","isPartOf":{"@id":"https:\/\/www.greenforest.ro\/old\/#website"},"datePublished":"2018-02-24T22:27:00+00:00","dateModified":"2022-01-23T15:06:19+00:00","description":"GreenForest Solutions - GreenForest - mobilier de birou, scaune birou, compartimentari, pardoseli, professional furniture and fit out","breadcrumb":{"@id":"https:\/\/www.greenforest.ro\/old\/en\/greenforest-solutions\/#breadcrumb"},"inLanguage":"ro-RO","potentialAction":[{"@type":"ReadAction","target":["https:\/\/www.greenforest.ro\/old\/en\/greenforest-solutions\/"]}]},{"@type":"BreadcrumbList","@id":"https:\/\/www.greenforest.ro\/old\/en\/greenforest-solutions\/#breadcrumb","itemListElement":[{"@type":"ListItem","position":1,"name":"Prima pagin\u0103","item":"https:\/\/www.greenforest.ro\/old\/"},{"@type":"ListItem","position":2,"name":"GreenForest Solutions"}]},{"@type":"WebSite","@id":"https:\/\/www.greenforest.ro\/old\/#website","url":"https:\/\/www.greenforest.ro\/old\/","name":"GreenForest - mobilier de birou","description":"Solu\u0163ii profesionale de amenajare birouri","publisher":{"@id":"https:\/\/www.greenforest.ro\/old\/#organization"},"potentialAction":[{"@type":"SearchAction","target":{"@type":"EntryPoint","urlTemplate":"https:\/\/www.greenforest.ro\/old\/?s={search_term_string}"},"query-input":"required name=search_term_string"}],"inLanguage":"ro-RO"},{"@type":"Organization","@id":"https:\/\/www.greenforest.ro\/old\/#organization","name":"Greenforest","url":"https:\/\/www.greenforest.ro\/old\/","logo":{"@type":"ImageObject","inLanguage":"ro-RO","@id":"https:\/\/www.greenforest.ro\/old\/#\/schema\/logo\/image\/","url":"https:\/\/www.greenforest.ro\/old\/wp-content\/uploads\/2018\/01\/sol-logo-greenforest.png","contentUrl":"https:\/\/www.greenforest.ro\/old\/wp-content\/uploads\/2018\/01\/sol-logo-greenforest.png","width":110,"height":110,"caption":"Greenforest"},"image":{"@id":"https:\/\/www.greenforest.ro\/old\/#\/schema\/logo\/image\/"},"sameAs":["https:\/\/www.facebook.com\/GreenForest.MobilierPentruBirou","https:\/\/www.instagram.com\/greenforest.ro\/","https:\/\/www.linkedin.com\/company\/greenforest\/"]}]}},"_links":{"self":[{"href":"https:\/\/www.greenforest.ro\/old\/wp-json\/wp\/v2\/pages\/5600"}],"collection":[{"href":"https:\/\/www.greenforest.ro\/old\/wp-json\/wp\/v2\/pages"}],"about":[{"href":"https:\/\/www.greenforest.ro\/old\/wp-json\/wp\/v2\/types\/page"}],"author":[{"embeddable":true,"href":"https:\/\/www.greenforest.ro\/old\/wp-json\/wp\/v2\/users\/1"}],"replies":[{"embeddable":true,"href":"https:\/\/www.greenforest.ro\/old\/wp-json\/wp\/v2\/comments?post=5600"}],"version-history":[{"count":1,"href":"https:\/\/www.greenforest.ro\/old\/wp-json\/wp\/v2\/pages\/5600\/revisions"}],"predecessor-version":[{"id":8977,"href":"https:\/\/www.greenforest.ro\/old\/wp-json\/wp\/v2\/pages\/5600\/revisions\/8977"}],"wp:attachment":[{"href":"https:\/\/www.greenforest.ro\/old\/wp-json\/wp\/v2\/media?parent=5600"}],"curies":[{"name":"wp","href":"https:\/\/api.w.org\/{rel}","templated":true}]}}